{"id":2517,"date":"2019-02-16T15:41:42","date_gmt":"2019-02-16T18:41:42","guid":{"rendered":"https:\/\/numar.scb.org.br\/?post_type=product&amp;p=2517"},"modified":"2019-02-16T15:41:42","modified_gmt":"2019-02-16T18:41:42","slug":"simposio-filosofia-e-fe","status":"publish","type":"product","link":"https:\/\/scb.org.br\/numar\/loja\/eventos\/simposio-filosofia-e-fe\/","title":{"rendered":"Simp\u00f3sio Filosofia e F\u00e9"},"content":{"rendered":"<p><strong>Simp\u00f3sio Filosofia e F\u00e9<\/strong><\/p>\n<p>Data: 8 e 9\/03\/2019<\/p>\n<p><strong>Hor\u00e1rio<\/strong>:<\/p>\n<p>8\/3\/19 - 19 as 21:30 horas<\/p>\n<p>9\/3\/19 - 9 as 12:00 horas ,14:00 as 18:00 horas<\/p>\n<p><strong>Local<\/strong>:\u00a0Audit\u00f3rio Dona Etelvina (Bloco 7) <em>-\u00a0<\/em>Unicesumar\u00a0 \u00a0 \u00a0 \u00a0 \u00a0 \u00a0 \u00a0 \u00a0 \u00a0 \u00a0 \u00a0 \u00a0 \u00a0 \u00a0 \u00a0 \u00a0 \u00a0 \u00a0 \u00a0 \u00a0<\/p>\n<p>Av. Guedner, 1610, Jardim Aclima\u00e7\u00e3o, Maring\u00e1 - PR<\/p>\n<p><strong>Realiza\u00e7\u00e3o:<\/strong> N\u00facleo Maringaense da Sociedade Criacionista Brasileira - Numar-SCB e Jovens com uma Miss\u00e3o (JOCUM)<\/p>\n<p><strong>Palestrantes confirmados:<\/strong> Dr. Rodrigo Silva<\/p>\n<p><span style=\"color: #ff0000\">Emiss\u00e3o de certificado est\u00e1 condicionada somente mediante ao pagamento de Taxa<\/span> \u00a0<\/p>\n<p><strong><\/strong><\/p>\n<p><strong>Para aqueles que optarem pela modalidade de inscri\u00e7\u00e3o + livro tema Retirada do livro ser\u00e1 permitida somente no final do evento mediante a apresenta\u00e7\u00e3o do comprovante de pagamento.<\/strong><\/p>","protected":false},"excerpt":{"rendered":"<p>Simp\u00f3sio Filosofia e F\u00e9 Data: 8 e 9\/03\/2019 Hor\u00e1rio: 8\/3\/19 - 19 as 21:30 horas 9\/3\/19 - 9 as 12:00 horas ,14:00 as 18:00 horas Local:\u00a0Audit\u00f3rio Dona Etelvina (Bloco 7) -\u00a0Unicesumar\u00a0 \u00a0 \u00a0 \u00a0 \u00a0 \u00a0 \u00a0 \u00a0 \u00a0 \u00a0 \u00a0 \u00a0 \u00a0 \u00a0 \u00a0 \u00a0 \u00a0 \u00a0 \u00a0 \u00a0 Av. Guedner, 1610, Jardim Aclima\u00e7\u00e3o, [&hellip;]<\/p>\n","protected":false},"featured_media":2511,"template":"","meta":{"_acf_changed":false,"om_disable_all_campaigns":false},"product_brand":[],"product_cat":[249],"product_tag":[253,281,282,283,271,247,285,286,287,294,288,295,289,251,291],"class_list":{"0":"post-2517","1":"product","2":"type-product","3":"status-publish","4":"has-post-thumbnail","6":"product_cat-eventos","7":"product_tag-ciencia","8":"product_tag-cientificismo","9":"product_tag-complexidade-da-vida","10":"product_tag-congresso","11":"product_tag-cosmovisao","12":"product_tag-criacionismo","13":"product_tag-encontro","14":"product_tag-encontro-cientifico","15":"product_tag-evento-cientifico","16":"product_tag-fe","17":"product_tag-filosofia","18":"product_tag-mente","19":"product_tag-origens","20":"product_tag-simposio","21":"product_tag-simposio-universitario","22":"product_shipping_class-frete-gratuito","24":"first","25":"outofstock","26":"sold-individually","27":"shipping-taxable","28":"purchasable","29":"product-type-variable"},"acf":[],"yoast_head":"<!-- This site is optimized with the Yoast SEO plugin v27.3 - https:\/\/yoast.com\/product\/yoast-seo-wordpress\/ -->\n<title>Simp\u00f3sio Filosofia e F\u00e9 - NUMAR-SCB<\/title>\n<meta name=\"robots\" content=\"index, follow, max-snippet:-1, max-image-preview:large, max-video-preview:-1\" \/>\n<link rel=\"canonical\" href=\"https:\/\/scb.org.br\/numar\/loja\/eventos\/simposio-filosofia-e-fe\/\" \/>\n<meta property=\"og:locale\" content=\"pt_BR\" \/>\n<meta property=\"og:type\" content=\"article\" \/>\n<meta property=\"og:title\" content=\"Simp\u00f3sio Filosofia e F\u00e9 - NUMAR-SCB\" \/>\n<meta property=\"og:description\" content=\"Simp\u00f3sio Filosofia e F\u00e9 Data: 8 e 9\/03\/2019 Hor\u00e1rio: 8\/3\/19 - 19 as 21:30 horas 9\/3\/19 - 9 as 12:00 horas ,14:00 as 18:00 horas Local:\u00a0Audit\u00f3rio Dona Etelvina (Bloco 7) -\u00a0Unicesumar\u00a0 \u00a0 \u00a0 \u00a0 \u00a0 \u00a0 \u00a0 \u00a0 \u00a0 \u00a0 \u00a0 \u00a0 \u00a0 \u00a0 \u00a0 \u00a0 \u00a0 \u00a0 \u00a0 \u00a0 Av. Guedner, 1610, Jardim Aclima\u00e7\u00e3o, [&hellip;]\" \/>\n<meta property=\"og:url\" content=\"https:\/\/scb.org.br\/numar\/loja\/eventos\/simposio-filosofia-e-fe\/\" \/>\n<meta property=\"og:site_name\" content=\"NUMAR-SCB\" \/>\n<meta property=\"og:image\" content=\"https:\/\/scb.org.br\/numar\/wp-content\/uploads\/sites\/6\/2019\/02\/Arte-Site-1.jpg\" \/>\n\t<meta property=\"og:image:width\" content=\"615\" \/>\n\t<meta property=\"og:image:height\" content=\"589\" \/>\n\t<meta property=\"og:image:type\" content=\"image\/jpeg\" \/>\n<meta name=\"twitter:card\" content=\"summary_large_image\" \/>\n<script type=\"application\/ld+json\" class=\"yoast-schema-graph\">{\"@context\":\"https:\\\/\\\/schema.org\",\"@graph\":[{\"@type\":\"WebPage\",\"@id\":\"https:\\\/\\\/scb.org.br\\\/numar\\\/loja\\\/eventos\\\/simposio-filosofia-e-fe\\\/\",\"url\":\"https:\\\/\\\/scb.org.br\\\/numar\\\/loja\\\/eventos\\\/simposio-filosofia-e-fe\\\/\",\"name\":\"Simp\u00f3sio Filosofia e F\u00e9 - NUMAR-SCB\",\"isPartOf\":{\"@id\":\"https:\\\/\\\/scb.org.br\\\/numar\\\/#website\"},\"primaryImageOfPage\":{\"@id\":\"https:\\\/\\\/scb.org.br\\\/numar\\\/loja\\\/eventos\\\/simposio-filosofia-e-fe\\\/#primaryimage\"},\"image\":{\"@id\":\"https:\\\/\\\/scb.org.br\\\/numar\\\/loja\\\/eventos\\\/simposio-filosofia-e-fe\\\/#primaryimage\"},\"thumbnailUrl\":\"https:\\\/\\\/scb.org.br\\\/numar\\\/wp-content\\\/uploads\\\/sites\\\/6\\\/2019\\\/02\\\/Arte-Site-1.jpg\",\"datePublished\":\"2019-02-16T18:41:42+00:00\",\"breadcrumb\":{\"@id\":\"https:\\\/\\\/scb.org.br\\\/numar\\\/loja\\\/eventos\\\/simposio-filosofia-e-fe\\\/#breadcrumb\"},\"inLanguage\":\"pt-BR\",\"potentialAction\":[{\"@type\":\"ReadAction\",\"target\":[\"https:\\\/\\\/scb.org.br\\\/numar\\\/loja\\\/eventos\\\/simposio-filosofia-e-fe\\\/\"]}]},{\"@type\":\"ImageObject\",\"inLanguage\":\"pt-BR\",\"@id\":\"https:\\\/\\\/scb.org.br\\\/numar\\\/loja\\\/eventos\\\/simposio-filosofia-e-fe\\\/#primaryimage\",\"url\":\"https:\\\/\\\/scb.org.br\\\/numar\\\/wp-content\\\/uploads\\\/sites\\\/6\\\/2019\\\/02\\\/Arte-Site-1.jpg\",\"contentUrl\":\"https:\\\/\\\/scb.org.br\\\/numar\\\/wp-content\\\/uploads\\\/sites\\\/6\\\/2019\\\/02\\\/Arte-Site-1.jpg\",\"width\":615,\"height\":589},{\"@type\":\"BreadcrumbList\",\"@id\":\"https:\\\/\\\/scb.org.br\\\/numar\\\/loja\\\/eventos\\\/simposio-filosofia-e-fe\\\/#breadcrumb\",\"itemListElement\":[{\"@type\":\"ListItem\",\"position\":1,\"name\":\"P\u00e1gina Inicial\",\"item\":\"https:\\\/\\\/scb.org.br\\\/numar\\\/\"},{\"@type\":\"ListItem\",\"position\":2,\"name\":\"Loja\",\"item\":\"https:\\\/\\\/scb.org.br\\\/numar\\\/loja\\\/\"},{\"@type\":\"ListItem\",\"position\":3,\"name\":\"Simp\u00f3sio Filosofia e F\u00e9\"}]},{\"@type\":\"WebSite\",\"@id\":\"https:\\\/\\\/scb.org.br\\\/numar\\\/#website\",\"url\":\"https:\\\/\\\/scb.org.br\\\/numar\\\/\",\"name\":\"NUMAR-SCB\",\"description\":\"N\u00facleo Maringaense da Sociedade Criacionista Brasileira\",\"publisher\":{\"@id\":\"https:\\\/\\\/scb.org.br\\\/numar\\\/#organization\"},\"potentialAction\":[{\"@type\":\"SearchAction\",\"target\":{\"@type\":\"EntryPoint\",\"urlTemplate\":\"https:\\\/\\\/scb.org.br\\\/numar\\\/?s={search_term_string}\"},\"query-input\":{\"@type\":\"PropertyValueSpecification\",\"valueRequired\":true,\"valueName\":\"search_term_string\"}}],\"inLanguage\":\"pt-BR\"},{\"@type\":\"Organization\",\"@id\":\"https:\\\/\\\/scb.org.br\\\/numar\\\/#organization\",\"name\":\"NUMAR-SCB - N\u00facleo Maringaense da Sociedade Criacionista Brasileira\",\"url\":\"https:\\\/\\\/scb.org.br\\\/numar\\\/\",\"logo\":{\"@type\":\"ImageObject\",\"inLanguage\":\"pt-BR\",\"@id\":\"https:\\\/\\\/scb.org.br\\\/numar\\\/#\\\/schema\\\/logo\\\/image\\\/\",\"url\":\"https:\\\/\\\/scb.org.br\\\/numar\\\/wp-content\\\/uploads\\\/sites\\\/6\\\/2020\\\/05\\\/logo-1.png\",\"contentUrl\":\"https:\\\/\\\/scb.org.br\\\/numar\\\/wp-content\\\/uploads\\\/sites\\\/6\\\/2020\\\/05\\\/logo-1.png\",\"width\":248,\"height\":263,\"caption\":\"NUMAR-SCB - N\u00facleo Maringaense da Sociedade Criacionista Brasileira\"},\"image\":{\"@id\":\"https:\\\/\\\/scb.org.br\\\/numar\\\/#\\\/schema\\\/logo\\\/image\\\/\"}}]}<\/script>\n<!-- \/ Yoast SEO plugin. -->","yoast_head_json":{"title":"Simp\u00f3sio Filosofia e F\u00e9 - NUMAR-SCB","robots":{"index":"index","follow":"follow","max-snippet":"max-snippet:-1","max-image-preview":"max-image-preview:large","max-video-preview":"max-video-preview:-1"},"canonical":"https:\/\/scb.org.br\/numar\/loja\/eventos\/simposio-filosofia-e-fe\/","og_locale":"pt_BR","og_type":"article","og_title":"Simp\u00f3sio Filosofia e F\u00e9 - NUMAR-SCB","og_description":"Simp\u00f3sio Filosofia e F\u00e9 Data: 8 e 9\/03\/2019 Hor\u00e1rio: 8\/3\/19 - 19 as 21:30 horas 9\/3\/19 - 9 as 12:00 horas ,14:00 as 18:00 horas Local:\u00a0Audit\u00f3rio Dona Etelvina (Bloco 7) -\u00a0Unicesumar\u00a0 \u00a0 \u00a0 \u00a0 \u00a0 \u00a0 \u00a0 \u00a0 \u00a0 \u00a0 \u00a0 \u00a0 \u00a0 \u00a0 \u00a0 \u00a0 \u00a0 \u00a0 \u00a0 \u00a0 Av. Guedner, 1610, Jardim Aclima\u00e7\u00e3o, [&hellip;]","og_url":"https:\/\/scb.org.br\/numar\/loja\/eventos\/simposio-filosofia-e-fe\/","og_site_name":"NUMAR-SCB","og_image":[{"width":615,"height":589,"url":"https:\/\/scb.org.br\/numar\/wp-content\/uploads\/sites\/6\/2019\/02\/Arte-Site-1.jpg","type":"image\/jpeg"}],"twitter_card":"summary_large_image","schema":{"@context":"https:\/\/schema.org","@graph":[{"@type":"WebPage","@id":"https:\/\/scb.org.br\/numar\/loja\/eventos\/simposio-filosofia-e-fe\/","url":"https:\/\/scb.org.br\/numar\/loja\/eventos\/simposio-filosofia-e-fe\/","name":"Simp\u00f3sio Filosofia e F\u00e9 - NUMAR-SCB","isPartOf":{"@id":"https:\/\/scb.org.br\/numar\/#website"},"primaryImageOfPage":{"@id":"https:\/\/scb.org.br\/numar\/loja\/eventos\/simposio-filosofia-e-fe\/#primaryimage"},"image":{"@id":"https:\/\/scb.org.br\/numar\/loja\/eventos\/simposio-filosofia-e-fe\/#primaryimage"},"thumbnailUrl":"https:\/\/scb.org.br\/numar\/wp-content\/uploads\/sites\/6\/2019\/02\/Arte-Site-1.jpg","datePublished":"2019-02-16T18:41:42+00:00","breadcrumb":{"@id":"https:\/\/scb.org.br\/numar\/loja\/eventos\/simposio-filosofia-e-fe\/#breadcrumb"},"inLanguage":"pt-BR","potentialAction":[{"@type":"ReadAction","target":["https:\/\/scb.org.br\/numar\/loja\/eventos\/simposio-filosofia-e-fe\/"]}]},{"@type":"ImageObject","inLanguage":"pt-BR","@id":"https:\/\/scb.org.br\/numar\/loja\/eventos\/simposio-filosofia-e-fe\/#primaryimage","url":"https:\/\/scb.org.br\/numar\/wp-content\/uploads\/sites\/6\/2019\/02\/Arte-Site-1.jpg","contentUrl":"https:\/\/scb.org.br\/numar\/wp-content\/uploads\/sites\/6\/2019\/02\/Arte-Site-1.jpg","width":615,"height":589},{"@type":"BreadcrumbList","@id":"https:\/\/scb.org.br\/numar\/loja\/eventos\/simposio-filosofia-e-fe\/#breadcrumb","itemListElement":[{"@type":"ListItem","position":1,"name":"P\u00e1gina Inicial","item":"https:\/\/scb.org.br\/numar\/"},{"@type":"ListItem","position":2,"name":"Loja","item":"https:\/\/scb.org.br\/numar\/loja\/"},{"@type":"ListItem","position":3,"name":"Simp\u00f3sio Filosofia e F\u00e9"}]},{"@type":"WebSite","@id":"https:\/\/scb.org.br\/numar\/#website","url":"https:\/\/scb.org.br\/numar\/","name":"NUMAR-SCB","description":"N\u00facleo Maringaense da Sociedade Criacionista Brasileira","publisher":{"@id":"https:\/\/scb.org.br\/numar\/#organization"},"potentialAction":[{"@type":"SearchAction","target":{"@type":"EntryPoint","urlTemplate":"https:\/\/scb.org.br\/numar\/?s={search_term_string}"},"query-input":{"@type":"PropertyValueSpecification","valueRequired":true,"valueName":"search_term_string"}}],"inLanguage":"pt-BR"},{"@type":"Organization","@id":"https:\/\/scb.org.br\/numar\/#organization","name":"NUMAR-SCB - N\u00facleo Maringaense da Sociedade Criacionista Brasileira","url":"https:\/\/scb.org.br\/numar\/","logo":{"@type":"ImageObject","inLanguage":"pt-BR","@id":"https:\/\/scb.org.br\/numar\/#\/schema\/logo\/image\/","url":"https:\/\/scb.org.br\/numar\/wp-content\/uploads\/sites\/6\/2020\/05\/logo-1.png","contentUrl":"https:\/\/scb.org.br\/numar\/wp-content\/uploads\/sites\/6\/2020\/05\/logo-1.png","width":248,"height":263,"caption":"NUMAR-SCB - N\u00facleo Maringaense da Sociedade Criacionista Brasileira"},"image":{"@id":"https:\/\/scb.org.br\/numar\/#\/schema\/logo\/image\/"}}]}},"_links":{"self":[{"href":"https:\/\/scb.org.br\/numar\/wp-json\/wp\/v2\/product\/2517","targetHints":{"allow":["GET"]}}],"collection":[{"href":"https:\/\/scb.org.br\/numar\/wp-json\/wp\/v2\/product"}],"about":[{"href":"https:\/\/scb.org.br\/numar\/wp-json\/wp\/v2\/types\/product"}],"wp:featuredmedia":[{"embeddable":true,"href":"https:\/\/scb.org.br\/numar\/wp-json\/wp\/v2\/media\/2511"}],"wp:attachment":[{"href":"https:\/\/scb.org.br\/numar\/wp-json\/wp\/v2\/media?parent=2517"}],"wp:term":[{"taxonomy":"product_brand","embeddable":true,"href":"https:\/\/scb.org.br\/numar\/wp-json\/wp\/v2\/product_brand?post=2517"},{"taxonomy":"product_cat","embeddable":true,"href":"https:\/\/scb.org.br\/numar\/wp-json\/wp\/v2\/product_cat?post=2517"},{"taxonomy":"product_tag","embeddable":true,"href":"https:\/\/scb.org.br\/numar\/wp-json\/wp\/v2\/product_tag?post=2517"}],"curies":[{"name":"wp","href":"https:\/\/api.w.org\/{rel}","templated":true}]}}