{"id":2456,"date":"2018-11-22T12:31:36","date_gmt":"2018-11-22T15:31:36","guid":{"rendered":"https:\/\/numar.scb.org.br\/?post_type=product&amp;p=2456"},"modified":"2018-11-22T12:31:36","modified_gmt":"2018-11-22T15:31:36","slug":"curso-de-oratoria-a-arte-de-falar-em-publico","status":"publish","type":"product","link":"https:\/\/scb.org.br\/numar\/loja\/eventos\/curso-de-oratoria-a-arte-de-falar-em-publico\/","title":{"rendered":"Curso de Orat\u00f3ria - A  ARTE DE FALAR EM P\u00daBLICO"},"content":{"rendered":"<p><strong>Curso de Orat\u00f3ria - A ARTE DE FALAR EM P\u00daBLICO<\/strong><\/p>\n<p>Data: 26\/05\/2019 e 02\/06\/2019<\/p>\n<p>Hor\u00e1rio: 8 horas as 12:00 horas ,13:30 as 18:00 horas<\/p>\n<p>Local: Numar-SCB<\/p>\n<p>Av. Dr. Mario Clapier Urbinati, 15,<br \/>\nSala 08, Jd. Universit\u00e1rio<br \/>\nCEP:87020-260 \u2013 Maring\u00e1-PR<br \/>\n(Pr\u00f3ximo \u00e0 UEM)<\/p>\n<p><strong>Realiza\u00e7\u00e3o<\/strong><br \/>\nN\u00facleo Maringaense da Sociedade Criacionista Brasileira - Numar-SCB<\/p>\n<p><strong>Palestrante :<\/strong><\/p>\n<p>Israel Elias<\/p>\n<p><span style=\"color: #ff0000\">Investimento do curso: <\/span><\/p>\n<p><span style=\"color: #ff0000\">at\u00e9 19\/05\/2019 R$ 299,00 (Inclu\u00eddo: Inscri\u00e7\u00e3o, apostila e certificado)<\/span><\/p>\n<p><span style=\"color: #ff0000\">19\/05\/2018 a 26\/05\/2019 R$ 320,00 (Inclu\u00eddo: Inscri\u00e7\u00e3o, apostila e certificado) \u00a0<\/span><\/p>\n<p><span style=\"color: #ff0000\">Emiss\u00e3o de certificado<\/span><\/p>\n<p>&nbsp;<\/p>\n","protected":false},"excerpt":{"rendered":"<p>Curso de Orat\u00f3ria - A ARTE DE FALAR EM P\u00daBLICO Data: 26\/05\/2019 e 02\/06\/2019 Hor\u00e1rio: 8 horas as 12:00 horas ,13:30 as 18:00 horas Local: Numar-SCB Av. Dr. Mario Clapier Urbinati, 15, Sala 08, Jd. Universit\u00e1rio CEP:87020-260 \u2013 Maring\u00e1-PR (Pr\u00f3ximo \u00e0 UEM) Realiza\u00e7\u00e3o N\u00facleo Maringaense da Sociedade Criacionista Brasileira - Numar-SCB Palestrante : Israel Elias [&hellip;]<\/p>\n","protected":false},"featured_media":3022,"template":"","meta":{"_acf_changed":false,"om_disable_all_campaigns":false},"product_brand":[],"product_cat":[249],"product_tag":[292,293,253,283,271,285,266,290,251,291],"class_list":{"0":"post-2456","1":"product","2":"type-product","3":"status-publish","4":"has-post-thumbnail","6":"product_cat-eventos","7":"product_tag-apresentacao-publica","8":"product_tag-arte-falar-em-publico","9":"product_tag-ciencia","10":"product_tag-congresso","11":"product_tag-cosmovisao","12":"product_tag-encontro","13":"product_tag-oratoria","14":"product_tag-paleontologia","15":"product_tag-simposio","16":"product_tag-simposio-universitario","17":"product_shipping_class-frete-gratuito","19":"first","20":"outofstock","21":"sold-individually","22":"shipping-taxable","23":"purchasable","24":"product-type-variable"},"acf":[],"yoast_head":"<!-- This site is optimized with the Yoast SEO plugin v27.3 - https:\/\/yoast.com\/product\/yoast-seo-wordpress\/ -->\n<title>Curso de Orat\u00f3ria - A ARTE DE FALAR EM P\u00daBLICO - NUMAR-SCB<\/title>\n<meta name=\"robots\" content=\"index, follow, max-snippet:-1, max-image-preview:large, max-video-preview:-1\" \/>\n<link rel=\"canonical\" href=\"https:\/\/scb.org.br\/numar\/loja\/eventos\/curso-de-oratoria-a-arte-de-falar-em-publico\/\" \/>\n<meta property=\"og:locale\" content=\"pt_BR\" \/>\n<meta property=\"og:type\" content=\"article\" \/>\n<meta property=\"og:title\" content=\"Curso de Orat\u00f3ria - A ARTE DE FALAR EM P\u00daBLICO - NUMAR-SCB\" \/>\n<meta property=\"og:description\" content=\"Curso de Orat\u00f3ria - A ARTE DE FALAR EM P\u00daBLICO Data: 26\/05\/2019 e 02\/06\/2019 Hor\u00e1rio: 8 horas as 12:00 horas ,13:30 as 18:00 horas Local: Numar-SCB Av. Dr. Mario Clapier Urbinati, 15, Sala 08, Jd. Universit\u00e1rio CEP:87020-260 \u2013 Maring\u00e1-PR (Pr\u00f3ximo \u00e0 UEM) Realiza\u00e7\u00e3o N\u00facleo Maringaense da Sociedade Criacionista Brasileira - Numar-SCB Palestrante : Israel Elias [&hellip;]\" \/>\n<meta property=\"og:url\" content=\"https:\/\/scb.org.br\/numar\/loja\/eventos\/curso-de-oratoria-a-arte-de-falar-em-publico\/\" \/>\n<meta property=\"og:site_name\" content=\"NUMAR-SCB\" \/>\n<meta property=\"og:image\" content=\"https:\/\/scb.org.br\/numar\/wp-content\/uploads\/sites\/6\/2018\/11\/Curso-de-Orat\u00f3ria-2019-05.jpeg\" \/>\n\t<meta property=\"og:image:width\" content=\"1182\" \/>\n\t<meta property=\"og:image:height\" content=\"1280\" \/>\n\t<meta property=\"og:image:type\" content=\"image\/jpeg\" \/>\n<meta name=\"twitter:card\" content=\"summary_large_image\" \/>\n<script type=\"application\/ld+json\" class=\"yoast-schema-graph\">{\"@context\":\"https:\\\/\\\/schema.org\",\"@graph\":[{\"@type\":\"WebPage\",\"@id\":\"https:\\\/\\\/scb.org.br\\\/numar\\\/loja\\\/eventos\\\/curso-de-oratoria-a-arte-de-falar-em-publico\\\/\",\"url\":\"https:\\\/\\\/scb.org.br\\\/numar\\\/loja\\\/eventos\\\/curso-de-oratoria-a-arte-de-falar-em-publico\\\/\",\"name\":\"Curso de Orat\u00f3ria - A ARTE DE FALAR EM P\u00daBLICO - NUMAR-SCB\",\"isPartOf\":{\"@id\":\"https:\\\/\\\/scb.org.br\\\/numar\\\/#website\"},\"primaryImageOfPage\":{\"@id\":\"https:\\\/\\\/scb.org.br\\\/numar\\\/loja\\\/eventos\\\/curso-de-oratoria-a-arte-de-falar-em-publico\\\/#primaryimage\"},\"image\":{\"@id\":\"https:\\\/\\\/scb.org.br\\\/numar\\\/loja\\\/eventos\\\/curso-de-oratoria-a-arte-de-falar-em-publico\\\/#primaryimage\"},\"thumbnailUrl\":\"https:\\\/\\\/scb.org.br\\\/numar\\\/wp-content\\\/uploads\\\/sites\\\/6\\\/2018\\\/11\\\/Curso-de-Orat\u00f3ria-2019-05.jpeg\",\"datePublished\":\"2018-11-22T15:31:36+00:00\",\"breadcrumb\":{\"@id\":\"https:\\\/\\\/scb.org.br\\\/numar\\\/loja\\\/eventos\\\/curso-de-oratoria-a-arte-de-falar-em-publico\\\/#breadcrumb\"},\"inLanguage\":\"pt-BR\",\"potentialAction\":[{\"@type\":\"ReadAction\",\"target\":[\"https:\\\/\\\/scb.org.br\\\/numar\\\/loja\\\/eventos\\\/curso-de-oratoria-a-arte-de-falar-em-publico\\\/\"]}]},{\"@type\":\"ImageObject\",\"inLanguage\":\"pt-BR\",\"@id\":\"https:\\\/\\\/scb.org.br\\\/numar\\\/loja\\\/eventos\\\/curso-de-oratoria-a-arte-de-falar-em-publico\\\/#primaryimage\",\"url\":\"https:\\\/\\\/scb.org.br\\\/numar\\\/wp-content\\\/uploads\\\/sites\\\/6\\\/2018\\\/11\\\/Curso-de-Orat\u00f3ria-2019-05.jpeg\",\"contentUrl\":\"https:\\\/\\\/scb.org.br\\\/numar\\\/wp-content\\\/uploads\\\/sites\\\/6\\\/2018\\\/11\\\/Curso-de-Orat\u00f3ria-2019-05.jpeg\",\"width\":1182,\"height\":1280},{\"@type\":\"BreadcrumbList\",\"@id\":\"https:\\\/\\\/scb.org.br\\\/numar\\\/loja\\\/eventos\\\/curso-de-oratoria-a-arte-de-falar-em-publico\\\/#breadcrumb\",\"itemListElement\":[{\"@type\":\"ListItem\",\"position\":1,\"name\":\"P\u00e1gina Inicial\",\"item\":\"https:\\\/\\\/scb.org.br\\\/numar\\\/\"},{\"@type\":\"ListItem\",\"position\":2,\"name\":\"Loja\",\"item\":\"https:\\\/\\\/scb.org.br\\\/numar\\\/loja\\\/\"},{\"@type\":\"ListItem\",\"position\":3,\"name\":\"Curso de Orat\u00f3ria - A ARTE DE FALAR EM P\u00daBLICO\"}]},{\"@type\":\"WebSite\",\"@id\":\"https:\\\/\\\/scb.org.br\\\/numar\\\/#website\",\"url\":\"https:\\\/\\\/scb.org.br\\\/numar\\\/\",\"name\":\"NUMAR-SCB\",\"description\":\"N\u00facleo Maringaense da Sociedade Criacionista Brasileira\",\"publisher\":{\"@id\":\"https:\\\/\\\/scb.org.br\\\/numar\\\/#organization\"},\"potentialAction\":[{\"@type\":\"SearchAction\",\"target\":{\"@type\":\"EntryPoint\",\"urlTemplate\":\"https:\\\/\\\/scb.org.br\\\/numar\\\/?s={search_term_string}\"},\"query-input\":{\"@type\":\"PropertyValueSpecification\",\"valueRequired\":true,\"valueName\":\"search_term_string\"}}],\"inLanguage\":\"pt-BR\"},{\"@type\":\"Organization\",\"@id\":\"https:\\\/\\\/scb.org.br\\\/numar\\\/#organization\",\"name\":\"NUMAR-SCB - N\u00facleo Maringaense da Sociedade Criacionista Brasileira\",\"url\":\"https:\\\/\\\/scb.org.br\\\/numar\\\/\",\"logo\":{\"@type\":\"ImageObject\",\"inLanguage\":\"pt-BR\",\"@id\":\"https:\\\/\\\/scb.org.br\\\/numar\\\/#\\\/schema\\\/logo\\\/image\\\/\",\"url\":\"https:\\\/\\\/scb.org.br\\\/numar\\\/wp-content\\\/uploads\\\/sites\\\/6\\\/2020\\\/05\\\/logo-1.png\",\"contentUrl\":\"https:\\\/\\\/scb.org.br\\\/numar\\\/wp-content\\\/uploads\\\/sites\\\/6\\\/2020\\\/05\\\/logo-1.png\",\"width\":248,\"height\":263,\"caption\":\"NUMAR-SCB - N\u00facleo Maringaense da Sociedade Criacionista Brasileira\"},\"image\":{\"@id\":\"https:\\\/\\\/scb.org.br\\\/numar\\\/#\\\/schema\\\/logo\\\/image\\\/\"}}]}<\/script>\n<!-- \/ Yoast SEO plugin. -->","yoast_head_json":{"title":"Curso de Orat\u00f3ria - A ARTE DE FALAR EM P\u00daBLICO - NUMAR-SCB","robots":{"index":"index","follow":"follow","max-snippet":"max-snippet:-1","max-image-preview":"max-image-preview:large","max-video-preview":"max-video-preview:-1"},"canonical":"https:\/\/scb.org.br\/numar\/loja\/eventos\/curso-de-oratoria-a-arte-de-falar-em-publico\/","og_locale":"pt_BR","og_type":"article","og_title":"Curso de Orat\u00f3ria - A ARTE DE FALAR EM P\u00daBLICO - NUMAR-SCB","og_description":"Curso de Orat\u00f3ria - A ARTE DE FALAR EM P\u00daBLICO Data: 26\/05\/2019 e 02\/06\/2019 Hor\u00e1rio: 8 horas as 12:00 horas ,13:30 as 18:00 horas Local: Numar-SCB Av. Dr. Mario Clapier Urbinati, 15, Sala 08, Jd. Universit\u00e1rio CEP:87020-260 \u2013 Maring\u00e1-PR (Pr\u00f3ximo \u00e0 UEM) Realiza\u00e7\u00e3o N\u00facleo Maringaense da Sociedade Criacionista Brasileira - Numar-SCB Palestrante : Israel Elias [&hellip;]","og_url":"https:\/\/scb.org.br\/numar\/loja\/eventos\/curso-de-oratoria-a-arte-de-falar-em-publico\/","og_site_name":"NUMAR-SCB","og_image":[{"width":1182,"height":1280,"url":"https:\/\/scb.org.br\/numar\/wp-content\/uploads\/sites\/6\/2018\/11\/Curso-de-Orat\u00f3ria-2019-05.jpeg","type":"image\/jpeg"}],"twitter_card":"summary_large_image","schema":{"@context":"https:\/\/schema.org","@graph":[{"@type":"WebPage","@id":"https:\/\/scb.org.br\/numar\/loja\/eventos\/curso-de-oratoria-a-arte-de-falar-em-publico\/","url":"https:\/\/scb.org.br\/numar\/loja\/eventos\/curso-de-oratoria-a-arte-de-falar-em-publico\/","name":"Curso de Orat\u00f3ria - A ARTE DE FALAR EM P\u00daBLICO - NUMAR-SCB","isPartOf":{"@id":"https:\/\/scb.org.br\/numar\/#website"},"primaryImageOfPage":{"@id":"https:\/\/scb.org.br\/numar\/loja\/eventos\/curso-de-oratoria-a-arte-de-falar-em-publico\/#primaryimage"},"image":{"@id":"https:\/\/scb.org.br\/numar\/loja\/eventos\/curso-de-oratoria-a-arte-de-falar-em-publico\/#primaryimage"},"thumbnailUrl":"https:\/\/scb.org.br\/numar\/wp-content\/uploads\/sites\/6\/2018\/11\/Curso-de-Orat\u00f3ria-2019-05.jpeg","datePublished":"2018-11-22T15:31:36+00:00","breadcrumb":{"@id":"https:\/\/scb.org.br\/numar\/loja\/eventos\/curso-de-oratoria-a-arte-de-falar-em-publico\/#breadcrumb"},"inLanguage":"pt-BR","potentialAction":[{"@type":"ReadAction","target":["https:\/\/scb.org.br\/numar\/loja\/eventos\/curso-de-oratoria-a-arte-de-falar-em-publico\/"]}]},{"@type":"ImageObject","inLanguage":"pt-BR","@id":"https:\/\/scb.org.br\/numar\/loja\/eventos\/curso-de-oratoria-a-arte-de-falar-em-publico\/#primaryimage","url":"https:\/\/scb.org.br\/numar\/wp-content\/uploads\/sites\/6\/2018\/11\/Curso-de-Orat\u00f3ria-2019-05.jpeg","contentUrl":"https:\/\/scb.org.br\/numar\/wp-content\/uploads\/sites\/6\/2018\/11\/Curso-de-Orat\u00f3ria-2019-05.jpeg","width":1182,"height":1280},{"@type":"BreadcrumbList","@id":"https:\/\/scb.org.br\/numar\/loja\/eventos\/curso-de-oratoria-a-arte-de-falar-em-publico\/#breadcrumb","itemListElement":[{"@type":"ListItem","position":1,"name":"P\u00e1gina Inicial","item":"https:\/\/scb.org.br\/numar\/"},{"@type":"ListItem","position":2,"name":"Loja","item":"https:\/\/scb.org.br\/numar\/loja\/"},{"@type":"ListItem","position":3,"name":"Curso de Orat\u00f3ria - A ARTE DE FALAR EM P\u00daBLICO"}]},{"@type":"WebSite","@id":"https:\/\/scb.org.br\/numar\/#website","url":"https:\/\/scb.org.br\/numar\/","name":"NUMAR-SCB","description":"N\u00facleo Maringaense da Sociedade Criacionista Brasileira","publisher":{"@id":"https:\/\/scb.org.br\/numar\/#organization"},"potentialAction":[{"@type":"SearchAction","target":{"@type":"EntryPoint","urlTemplate":"https:\/\/scb.org.br\/numar\/?s={search_term_string}"},"query-input":{"@type":"PropertyValueSpecification","valueRequired":true,"valueName":"search_term_string"}}],"inLanguage":"pt-BR"},{"@type":"Organization","@id":"https:\/\/scb.org.br\/numar\/#organization","name":"NUMAR-SCB - N\u00facleo Maringaense da Sociedade Criacionista Brasileira","url":"https:\/\/scb.org.br\/numar\/","logo":{"@type":"ImageObject","inLanguage":"pt-BR","@id":"https:\/\/scb.org.br\/numar\/#\/schema\/logo\/image\/","url":"https:\/\/scb.org.br\/numar\/wp-content\/uploads\/sites\/6\/2020\/05\/logo-1.png","contentUrl":"https:\/\/scb.org.br\/numar\/wp-content\/uploads\/sites\/6\/2020\/05\/logo-1.png","width":248,"height":263,"caption":"NUMAR-SCB - N\u00facleo Maringaense da Sociedade Criacionista Brasileira"},"image":{"@id":"https:\/\/scb.org.br\/numar\/#\/schema\/logo\/image\/"}}]}},"_links":{"self":[{"href":"https:\/\/scb.org.br\/numar\/wp-json\/wp\/v2\/product\/2456","targetHints":{"allow":["GET"]}}],"collection":[{"href":"https:\/\/scb.org.br\/numar\/wp-json\/wp\/v2\/product"}],"about":[{"href":"https:\/\/scb.org.br\/numar\/wp-json\/wp\/v2\/types\/product"}],"wp:featuredmedia":[{"embeddable":true,"href":"https:\/\/scb.org.br\/numar\/wp-json\/wp\/v2\/media\/3022"}],"wp:attachment":[{"href":"https:\/\/scb.org.br\/numar\/wp-json\/wp\/v2\/media?parent=2456"}],"wp:term":[{"taxonomy":"product_brand","embeddable":true,"href":"https:\/\/scb.org.br\/numar\/wp-json\/wp\/v2\/product_brand?post=2456"},{"taxonomy":"product_cat","embeddable":true,"href":"https:\/\/scb.org.br\/numar\/wp-json\/wp\/v2\/product_cat?post=2456"},{"taxonomy":"product_tag","embeddable":true,"href":"https:\/\/scb.org.br\/numar\/wp-json\/wp\/v2\/product_tag?post=2456"}],"curies":[{"name":"wp","href":"https:\/\/api.w.org\/{rel}","templated":true}]}}