{"id":650,"date":"2017-01-26T15:35:52","date_gmt":"2017-01-26T18:35:52","guid":{"rendered":"http:\/\/numar.scb.org.br\/?page_id=650"},"modified":"2017-01-26T15:35:52","modified_gmt":"2017-01-26T18:35:52","slug":"simposio","status":"publish","type":"page","link":"https:\/\/scb.org.br\/numar\/eventos\/simposio\/","title":{"rendered":"Simp\u00f3sio Di\u00e1logos Sobre a Origem da Vida - 2017"},"content":{"rendered":"<p>&nbsp;<\/p>\n<table border=\"0px\" width=\"100%\" cellspacing=\"0\" cellpadding=\"0\">\n<tbody>\n<tr>\n<td colspan=\"2\">\n<h4>\u00a0SOBRE O EVENTO<\/h4>\n<\/td>\n<\/tr>\n<tr>\n<td width=\"23%\">\u00a0 <img loading=\"lazy\" decoding=\"async\" class=\"aligncenter wp-image-1040\" src=\"http:\/\/numar.scb.org.br\/wp-content\/uploads\/2017\/01\/Infobox_info_icon.svg-1-150x150-1.png\" alt=\"\" width=\"50\" height=\"50\" \/><\/td>\n<td width=\"77%\">\n<p style=\"text-align: justify\">As investiga\u00e7\u00f5es sobre a origem da vida s\u00e3o um tema crescente e atual no meio acad\u00eamico. Teorias t\u00eam sido significativamente questionadas, como a teoria da evolu\u00e7\u00e3o qu\u00edmica como proposta para a origem da vida e a poss\u00edvel ancestralidade comum entre o homem e primatas. Para promover o di\u00e1logo aberto a respeito desse tema t\u00e3o importante, o Numar-SCB realiza o Simp\u00f3sio Di\u00e1logos Sobre a Origem da Vida - 2017. O evento \u00e9 uma oportunidade imperd\u00edvel para a comunidade acad\u00eamica, e interessados no tema, para trocar informa\u00e7\u00f5es, conhecer cientistas engajados, em um evento voltado para a constru\u00e7\u00e3o do conhecimento e incentivo do pensamento reflexivo.<\/p>\n<\/td>\n<\/tr>\n<\/tbody>\n<\/table>\n<p>&nbsp;<\/p>\n<table border=\"0\" width=\"45%\" cellspacing=\"0\" cellpadding=\"0\">\n<tbody>\n<tr>\n<td colspan=\"2\">\n<h4>DATA E HORA<\/h4>\n<\/td>\n<\/tr>\n<tr>\n<td width=\"23%\">\u00a0<img loading=\"lazy\" decoding=\"async\" class=\"aligncenter wp-image-1039\" src=\"http:\/\/numar.scb.org.br\/wp-content\/uploads\/2017\/01\/Calendar-1-150x150-1.png\" alt=\"\" width=\"50\" height=\"50\" \/><\/td>\n<td style=\"text-align: justify\" width=\"77%\">Sexta-Feira - 02 de Junho<br \/>\n19:30 \u00e0s 21:30S\u00e1bado - 03 de Junho<br \/>\n09:00 \u00e0s 18:00.<\/td>\n<\/tr>\n<\/tbody>\n<\/table>\n<h4 style=\"text-align: justify\"><\/h4>\n<table border=\"0\" width=\"45%\" cellspacing=\"0\" cellpadding=\"0\">\n<tbody>\n<tr>\n<td colspan=\"2\">\n<h4>ENDERE\u00c7O<\/h4>\n<\/td>\n<\/tr>\n<tr>\n<td width=\"23%\">\u00a0<img loading=\"lazy\" decoding=\"async\" class=\"aligncenter wp-image-1041\" src=\"http:\/\/numar.scb.org.br\/wp-content\/uploads\/2017\/01\/Network-Icon-_Rural-150x150-1.png\" alt=\"\" width=\"50\" height=\"50\" \/><\/td>\n<td style=\"text-align: justify\" width=\"77%\">Audit\u00f3rio Dona Etelvina - Bloco 7<br \/>\nCentro Universit\u00e1rio Maring\u00e1 -\u00a0UniCesumar<br \/>\nAv. Guedner, 1610 -\u00a0Jardim Aclimacao, Maring\u00e1 - PR<\/td>\n<\/tr>\n<tr>\n<td colspan=\"2\">\n<h4><\/h4>\n<\/td>\n<\/tr>\n<\/tbody>\n<\/table>\n<h4 style=\"text-align: justify\"><\/h4>\n<table border=\"0\" width=\"45%\" cellspacing=\"0\" cellpadding=\"0\">\n<tbody>\n<tr>\n<td colspan=\"2\">\n<h4>CONVIDADOS<\/h4>\n<\/td>\n<\/tr>\n<tr>\n<td colspan=\"2\">\n<h4>Dr. Ruy Carlos de Camargo Vieira<\/h4>\n<p>Engenheiro mec\u00e2nico-eletricista pela Escola Polit\u00e9cnica da Universidade de S\u00e3o Paulo (USP)<br \/>\nCofundador da Academia de Ci\u00eancias do Estado de S\u00e3o Paulo.<br \/>\nPresidente-fundador da Sociedade Criacionista Brasileira (SCB)<\/p>\n<h4>Me. Michelson Borges<\/h4>\n<p>Jornalista e Mestre em Teologia pelo UNASP<br \/>\nEditor da Casa Publicadora Brasileira (CPB)<br \/>\nAutor do Blog Criacionismo.com.br e Editor Associado da <em>Origem em Revista<\/em><\/p>\n<h4>Dr. M\u00e1rcio Fraiberg Machado<\/h4>\n<p>Bi\u00f3logo e Doutor em Educa\u00e7\u00e3o pela PUCRS<br \/>\nAutor de livros did\u00e1ticos e para-did\u00e1ticos em Biologia e Ci\u00eancias naturais pela<br \/>\nCasa Publicadora rasileira (CPB) e Editor Associado da <em>Origem em Revista<br \/>\n<\/em>Professor de Biologia Aplicada pela FAP\/IAP<\/p>\n<h4>Dr. Rodrigo Meneghetti Pontes<\/h4>\n<p>Bacharel e Doutor em Qu\u00edmica pela Universidade Estadual de Maring\u00e1 (UEM)<br \/>\nProfessor Adjunto do Departamento de Qu\u00edmica da UEM<br \/>\nEditor Associado da <em>Origem em Revista<\/em><\/p>\n<h4>Cl\u00e1udio Luiz Abeche<\/h4>\n<p>Engenheiro Qu\u00edmico pela Universidade Estadual de Maring\u00e1 (UEM)<br \/>\nP\u00f3s-graduado em MBA em Administra\u00e7\u00e3o pela UEM<br \/>\nEmpres\u00e1rio no ramo da ind\u00fastria pl\u00e1stica (Eletroflex), \u00e1rea em que atua h\u00e1 30 anos.<br \/>\nTem pesquisado Astronomia h\u00e1 cinco anos.<\/p>\n<h4>Danilo Camargo de Oliveira<\/h4>\n<p>Bacharel em Ci\u00eancias Biol\u00f3gicas pelo Centro Universit\u00e1rio Cesumar (UNICESUMAR)<br \/>\nDiretor de Assuntos Internacionais do N\u00facleo Maringaense da SCB (NUMAR-SCB)<\/td>\n<\/tr>\n<\/tbody>\n<\/table>\n<p>&nbsp;<\/p>\n<table border=\"0\" width=\"45%\" cellspacing=\"0\" cellpadding=\"0\">\n<tbody>\n<tr>\n<td colspan=\"2\">\n<h4>INSCRI\u00c7\u00d5ES<\/h4>\n<\/td>\n<\/tr>\n<tr>\n<td width=\"23%\">\u00a0<img loading=\"lazy\" decoding=\"async\" class=\"aligncenter wp-image-1042\" src=\"http:\/\/numar.scb.org.br\/wp-content\/uploads\/2017\/01\/write-icon-20739-150x150-1.png\" alt=\"\" width=\"50\" height=\"50\" \/><\/td>\n<td style=\"text-align: justify\" width=\"77%\">Inscreva-se abaixo e ganhe um livro \"surpresa\", que ser\u00e1 lan\u00e7ado em primeira m\u00e3o neste simp\u00f3sio.<\/p>\n<table style=\"height: 143px\" width=\"338\">\n<tbody>\n<tr>\n<td width=\"224\"><strong>Per\u00edodo de inscri\u00e7\u00e3o<\/strong><\/td>\n<td width=\"224\"><strong>Valor<\/strong><\/td>\n<\/tr>\n<tr>\n<td width=\"224\">At\u00e9 21\/05<\/td>\n<td width=\"224\"><strong>R$ 40,00<\/strong><\/td>\n<\/tr>\n<tr>\n<td width=\"224\">Ap\u00f3s 21\/05<\/td>\n<td width=\"224\"><strong>R$ 45,00<\/strong><\/td>\n<\/tr>\n<\/tbody>\n<\/table>\n<div><strong>Inscri\u00e7\u00f5es Limitadas!<\/strong><\/div>\n<p><strong>Convide seus amigos!<\/strong><br \/>\n<a class=\"add_to_cart_button ajax_add_to_cart button alt btn btn-default product_type_simple\" href=\"http:\/\/numar.scb.org.br\/produto\/simposio-dialogos-sobre-a-origem-da-vida-2017\/\">Inscreva-se j\u00e1!<\/a><\/td>\n<\/tr>\n<\/tbody>\n<\/table>\n<h4 style=\"text-align: justify\"><\/h4>\n<table border=\"0\" width=\"45%\" cellspacing=\"0\" cellpadding=\"0\">\n<tbody>\n<tr>\n<td colspan=\"2\">\n<h4>DIVULGA\u00c7\u00c3O<\/h4>\n<\/td>\n<\/tr>\n<tr>\n<td width=\"23%\">\u00a0<img loading=\"lazy\" decoding=\"async\" class=\"aligncenter wp-image-1038\" src=\"http:\/\/numar.scb.org.br\/wp-content\/uploads\/2017\/01\/13910-200-150x150-1.png\" alt=\"\" width=\"80\" height=\"80\" \/><\/td>\n<td style=\"text-align: justify\" width=\"77%\"><a href=\"http:\/\/numar.scb.org.br\/wp-content\/uploads\/2016\/07\/CARTAZ-NUMAR-714x1024.jpg\" target=\"_blank\" rel=\"noopener noreferrer\"><img loading=\"lazy\" decoding=\"async\" class=\"alignnone wp-image-1121 size-medium\" src=\"http:\/\/numar.scb.org.br\/wp-content\/uploads\/2016\/07\/CARTAZ-NUMAR-209x300.jpg\" alt=\"\" width=\"209\" height=\"300\" \/><\/a><\/td>\n<\/tr>\n<\/tbody>\n<\/table>\n<p>&nbsp;<\/p>\n<table border=\"0\" width=\"45%\" cellspacing=\"0\" cellpadding=\"0\">\n<tbody>\n<tr>\n<td colspan=\"2\">\n<h4>PARCEIROS<\/h4>\n<\/td>\n<\/tr>\n<tr>\n<td width=\"23%\">\u00a0<img loading=\"lazy\" decoding=\"async\" class=\"alignnone size-large wp-image-1119\" src=\"http:\/\/numar.scb.org.br\/wp-content\/uploads\/2017\/01\/barra-1024x144.png\" alt=\"\" width=\"840\" height=\"118\" \/><\/td>\n<\/tr>\n<\/tbody>\n<\/table>\n<h4 style=\"text-align: justify\"><\/h4>\n<h4 style=\"text-align: justify\">Dia 02 de Junho<\/h4>\n<table class=\"zebra\" width=\"663\">\n<tbody>\n<tr>\n<td style=\"text-align: center\" width=\"80\"><strong>Hor\u00e1rio<\/strong><\/td>\n<td style=\"text-align: center\" width=\"144\"><strong>Programa\u00e7\u00e3o<\/strong><\/td>\n<td style=\"text-align: center\" width=\"280\"><strong>Descri\u00e7\u00e3o<\/strong><\/td>\n<td style=\"text-align: center\" width=\"120\"><strong>Respons\u00e1vel<\/strong><\/td>\n<\/tr>\n<tr>\n<td style=\"text-align: center\">19:30-20:00<\/td>\n<td width=\"144\">\u00a0Cerim\u00f4nia de Abertura<\/td>\n<td width=\"308\">Composi\u00e7\u00e3o da Mesa de Honra, apresenta\u00e7\u00e3o das autoridades, do evento e dos palestrantes.<\/td>\n<td width=\"120\">Mestre de Cerim\u00f4nias<\/td>\n<\/tr>\n<tr>\n<td style=\"text-align: center\">20:00-20:15<\/td>\n<td width=\"144\">\u00a0Apresenta\u00e7\u00e3o Numar-SCB<\/td>\n<td width=\"308\">Apresenta\u00e7\u00e3o do N\u00facleo Maringaense da Sociedade Criacionista Brasileira<\/td>\n<td width=\"120\">Dr. Agrinaldo Jacinto Nascimento Junior<\/td>\n<\/tr>\n<tr>\n<td style=\"text-align: center\">20:15-21:15<\/td>\n<td width=\"144\">\u00a0Palestra<\/td>\n<td width=\"308\">\u00a0<em>O que \u00e9 ci\u00eancia e a quem ela interessa?<\/em><\/td>\n<td width=\"120\">Dr. M\u00e1rcio Fraiberg Machado<\/td>\n<\/tr>\n<tr>\n<td>\n<p style=\"text-align: center\">21:15-21:30<\/p>\n<\/td>\n<td width=\"144\">\u00a0Apresenta\u00e7\u00e3o Musical<\/td>\n<td width=\"308\">Gaita de Fole<\/td>\n<td width=\"120\">Paul\u00e3o Gaiteiro<\/td>\n<\/tr>\n<\/tbody>\n<\/table>\n<h4 style=\"text-align: justify\">Dia 03 de Junho<\/h4>\n<table class=\"zebra\" width=\"663\">\n<tbody>\n<tr>\n<td style=\"text-align: center\" width=\"80\"><strong>Hor\u00e1rio<\/strong><\/td>\n<td style=\"text-align: center\" width=\"144\"><b>Programa\u00e7\u00e3o<\/b><\/td>\n<td style=\"text-align: center\" width=\"280\"><strong>Descri\u00e7\u00e3o<\/strong><\/td>\n<td style=\"text-align: center\" width=\"120\"><strong>Respons\u00e1vel<\/strong><\/td>\n<\/tr>\n<tr>\n<td style=\"text-align: center\" width=\"91\">09:00-09:05<\/td>\n<td width=\"144\">\u00a0Reabertura<\/td>\n<td width=\"308\">\u00a0Boas-vindas e recados<\/td>\n<td width=\"120\">Mestre de Cerim\u00f4nias<\/td>\n<\/tr>\n<tr>\n<td style=\"text-align: center\">09:05-09:50<\/td>\n<td width=\"144\">\u00a0Palestra 2 e\u00a0Apresenta\u00e7\u00e3o do \u00a0Projeto S191<\/td>\n<td width=\"308\">\u00a0<em>A Astronomia e o entendimento do Universo<\/em><\/td>\n<td width=\"120\">Eng. Claudio \u00a0Luiz Viana Abeche e Pr. Julio de Mello Soares<\/td>\n<\/tr>\n<tr>\n<td style=\"text-align: center\">09:50-10:35<\/td>\n<td width=\"144\">\u00a0Palestra3<\/td>\n<td width=\"308\"><em>\u00a0Paleontologia e a Complexidade da Vida<\/em><\/td>\n<td width=\"120\">B. Sc. Danilo Camargo de Oliveira<\/td>\n<\/tr>\n<tr>\n<td style=\"text-align: center\">10:35-10:45<\/td>\n<td style=\"text-align: center\" colspan=\"3\" width=\"572\">Intervalo<\/td>\n<\/tr>\n<tr>\n<td style=\"text-align: center\">10:45-11:30<\/td>\n<td width=\"144\">\u00a0Palestra 4<\/td>\n<td width=\"308\">\u00a0<em>Data\u00e7\u00e3o Radiom\u00e9trica<\/em><\/td>\n<td width=\"120\">Dr. Rodrigo Meneghetti Pontes<\/td>\n<\/tr>\n<tr>\n<td style=\"text-align: center\">11:30-13:30<\/td>\n<td style=\"text-align: center\" colspan=\"3\" width=\"572\">Almo\u00e7o<\/td>\n<\/tr>\n<tr>\n<td style=\"text-align: center\">13:30-13:45<\/td>\n<td width=\"144\">\u00a0Reabertura<\/td>\n<td width=\"308\">\u00a0V\u00eddeo <em>'De Olho nas Origens<\/em>'\u00a0e recados<\/td>\n<td width=\"120\">Mestre de cerim\u00f4nias<\/td>\n<\/tr>\n<tr>\n<td style=\"text-align: center\">13:45-14:00<\/td>\n<td width=\"144\">\u00a0Informa\u00e7\u00f5es<\/td>\n<td width=\"308\">\u00a0Cursos EAD<\/td>\n<td width=\"120\">Eng. F\u00e1bio Porto<\/td>\n<\/tr>\n<tr>\n<td style=\"text-align: center\">14:00-14:45<\/td>\n<td width=\"144\">\u00a0Palestra 6<\/td>\n<td width=\"308\">\u00a0<em>Criacionismo na M\u00eddia<\/em><\/td>\n<td width=\"120\">Me. Michelson Borges<\/td>\n<\/tr>\n<tr>\n<td style=\"text-align: center\">14:45-15:00<\/td>\n<td style=\"text-align: center\" colspan=\"3\" width=\"572\">Intervalo<\/td>\n<\/tr>\n<tr>\n<td style=\"text-align: center\">15:00-16:00<\/td>\n<td width=\"144\">\u00a0Mesa Redonda<\/td>\n<td width=\"308\">\u00a0Tira D\u00favidas<\/td>\n<td width=\"120\">Todos os palestrantes<\/td>\n<\/tr>\n<tr>\n<td style=\"text-align: center\">16:00-16:45<\/td>\n<td width=\"144\">\u00a0Sociedade Criacionista Brasileira<\/td>\n<td width=\"308\">\u00a0SCB 45 anos - Entrevista com Dr. Ruy Vieira.<\/td>\n<td width=\"120\">Dr. Ruy Carlos de Camargo Vieira e Michelson Borges<\/td>\n<\/tr>\n<tr>\n<td style=\"text-align: center\">16:45-17:00<\/td>\n<td width=\"144\">\u00a0Minicentros Criacionistas<\/td>\n<td width=\"308\"><\/td>\n<td width=\"120\">Hilda Valentim Porto<\/td>\n<\/tr>\n<tr>\n<td>\n<p style=\"text-align: center\">17:00-17:30<\/p>\n<\/td>\n<td width=\"144\">\u00a0Projetos Numar-SCB<\/td>\n<td width=\"308\">\u00a0Divulga\u00e7\u00e3o dos eventos, programas, parcerias e projetos<\/td>\n<td width=\"120\">Dr. Agrinaldo Jacinto do Nascimento Junior<\/td>\n<\/tr>\n<tr>\n<td style=\"text-align: center\">17:30-17:55<\/td>\n<td width=\"144\">Apresenta\u00e7\u00e3o Musical<\/td>\n<td width=\"308\">Dueto\u00a0de piano e voz<\/td>\n<td width=\"120\">Demilson Silva e Maestro e Bar\u00edtono S\u00f3stenes Pereira<\/td>\n<\/tr>\n<tr>\n<td style=\"text-align: center\">17:55-18:00<\/td>\n<td width=\"144\">\u00a0Encerramento<\/td>\n<td width=\"308\"><\/td>\n<td width=\"120\">Mestre de Cerim\u00f4nias<\/td>\n<\/tr>\n<tr>\n<td style=\"text-align: center\">19:00-20:00<\/td>\n<td width=\"144\">\u00a0Inaugura\u00e7\u00e3o<\/td>\n<td width=\"308\">\u00a0Inaugura\u00e7\u00e3o da sede do NUMAR-SCB<\/td>\n<td width=\"120\">Av. Dr. Mario Clapier Urbinati, 15, Sala 08.<\/p>\n<p>Jd. Universit\u00e1rio (Pr\u00f3ximo \u00e0 UEM)<\/td>\n<\/tr>\n<\/tbody>\n<\/table>\n<p>&nbsp;<\/p>\n","protected":false},"excerpt":{"rendered":"<p>&nbsp; \u00a0SOBRE O EVENTO \u00a0 As investiga\u00e7\u00f5es sobre a origem da vida s\u00e3o um tema crescente e atual no meio acad\u00eamico. Teorias t\u00eam sido significativamente questionadas, como a teoria da evolu\u00e7\u00e3o qu\u00edmica como proposta para a origem da vida e a poss\u00edvel ancestralidade comum entre o homem e primatas. Para promover o di\u00e1logo aberto a [&hellip;]<\/p>\n","protected":false},"author":1080,"featured_media":1080,"parent":1685,"menu_order":0,"comment_status":"closed","ping_status":"closed","template":"","meta":{"_acf_changed":false,"om_disable_all_campaigns":false,"footnotes":""},"class_list":["post-650","page","type-page","status-publish","has-post-thumbnail","hentry"],"acf":[],"yoast_head":"<!-- This site is optimized with the Yoast SEO plugin v27.3 - https:\/\/yoast.com\/product\/yoast-seo-wordpress\/ -->\n<title>Simp\u00f3sio Di\u00e1logos Sobre a Origem da Vida - 2017 - NUMAR-SCB<\/title>\n<meta name=\"robots\" content=\"index, follow, max-snippet:-1, max-image-preview:large, max-video-preview:-1\" \/>\n<link rel=\"canonical\" href=\"https:\/\/scb.org.br\/numar\/eventos\/simposio\/\" \/>\n<meta property=\"og:locale\" content=\"pt_BR\" \/>\n<meta property=\"og:type\" content=\"article\" \/>\n<meta property=\"og:title\" content=\"Simp\u00f3sio Di\u00e1logos Sobre a Origem da Vida - 2017 - NUMAR-SCB\" \/>\n<meta property=\"og:description\" content=\"&nbsp; \u00a0SOBRE O EVENTO \u00a0 As investiga\u00e7\u00f5es sobre a origem da vida s\u00e3o um tema crescente e atual no meio acad\u00eamico. Teorias t\u00eam sido significativamente questionadas, como a teoria da evolu\u00e7\u00e3o qu\u00edmica como proposta para a origem da vida e a poss\u00edvel ancestralidade comum entre o homem e primatas. Para promover o di\u00e1logo aberto a [&hellip;]\" \/>\n<meta property=\"og:url\" content=\"https:\/\/scb.org.br\/numar\/eventos\/simposio\/\" \/>\n<meta property=\"og:site_name\" content=\"NUMAR-SCB\" \/>\n<meta property=\"og:image\" content=\"https:\/\/scb.org.br\/numar\/wp-content\/uploads\/sites\/6\/2017\/01\/capa-1.jpg\" \/>\n\t<meta property=\"og:image:width\" content=\"1500\" \/>\n\t<meta property=\"og:image:height\" content=\"1088\" \/>\n\t<meta property=\"og:image:type\" content=\"image\/jpeg\" \/>\n<meta name=\"twitter:card\" content=\"summary_large_image\" \/>\n<meta name=\"twitter:label1\" content=\"Est. tempo de leitura\" \/>\n\t<meta name=\"twitter:data1\" content=\"4 minutos\" \/>\n<script type=\"application\/ld+json\" class=\"yoast-schema-graph\">{\"@context\":\"https:\\\/\\\/schema.org\",\"@graph\":[{\"@type\":\"WebPage\",\"@id\":\"https:\\\/\\\/scb.org.br\\\/numar\\\/eventos\\\/simposio\\\/\",\"url\":\"https:\\\/\\\/scb.org.br\\\/numar\\\/eventos\\\/simposio\\\/\",\"name\":\"Simp\u00f3sio Di\u00e1logos Sobre a Origem da Vida - 2017 - NUMAR-SCB\",\"isPartOf\":{\"@id\":\"https:\\\/\\\/scb.org.br\\\/numar\\\/#website\"},\"primaryImageOfPage\":{\"@id\":\"https:\\\/\\\/scb.org.br\\\/numar\\\/eventos\\\/simposio\\\/#primaryimage\"},\"image\":{\"@id\":\"https:\\\/\\\/scb.org.br\\\/numar\\\/eventos\\\/simposio\\\/#primaryimage\"},\"thumbnailUrl\":\"https:\\\/\\\/scb.org.br\\\/numar\\\/wp-content\\\/uploads\\\/sites\\\/6\\\/2017\\\/01\\\/capa-1.jpg\",\"datePublished\":\"2017-01-26T18:35:52+00:00\",\"breadcrumb\":{\"@id\":\"https:\\\/\\\/scb.org.br\\\/numar\\\/eventos\\\/simposio\\\/#breadcrumb\"},\"inLanguage\":\"pt-BR\",\"potentialAction\":[{\"@type\":\"ReadAction\",\"target\":[\"https:\\\/\\\/scb.org.br\\\/numar\\\/eventos\\\/simposio\\\/\"]}]},{\"@type\":\"ImageObject\",\"inLanguage\":\"pt-BR\",\"@id\":\"https:\\\/\\\/scb.org.br\\\/numar\\\/eventos\\\/simposio\\\/#primaryimage\",\"url\":\"https:\\\/\\\/scb.org.br\\\/numar\\\/wp-content\\\/uploads\\\/sites\\\/6\\\/2017\\\/01\\\/capa-1.jpg\",\"contentUrl\":\"https:\\\/\\\/scb.org.br\\\/numar\\\/wp-content\\\/uploads\\\/sites\\\/6\\\/2017\\\/01\\\/capa-1.jpg\",\"width\":1500,\"height\":1088},{\"@type\":\"BreadcrumbList\",\"@id\":\"https:\\\/\\\/scb.org.br\\\/numar\\\/eventos\\\/simposio\\\/#breadcrumb\",\"itemListElement\":[{\"@type\":\"ListItem\",\"position\":1,\"name\":\"P\u00e1gina Inicial\",\"item\":\"https:\\\/\\\/scb.org.br\\\/numar\\\/\"},{\"@type\":\"ListItem\",\"position\":2,\"name\":\"Eventos\",\"item\":\"https:\\\/\\\/scb.org.br\\\/numar\\\/eventos\\\/\"},{\"@type\":\"ListItem\",\"position\":3,\"name\":\"Simp\u00f3sio Di\u00e1logos Sobre a Origem da Vida - 2017\"}]},{\"@type\":\"WebSite\",\"@id\":\"https:\\\/\\\/scb.org.br\\\/numar\\\/#website\",\"url\":\"https:\\\/\\\/scb.org.br\\\/numar\\\/\",\"name\":\"NUMAR-SCB\",\"description\":\"N\u00facleo Maringaense da Sociedade Criacionista Brasileira\",\"publisher\":{\"@id\":\"https:\\\/\\\/scb.org.br\\\/numar\\\/#organization\"},\"potentialAction\":[{\"@type\":\"SearchAction\",\"target\":{\"@type\":\"EntryPoint\",\"urlTemplate\":\"https:\\\/\\\/scb.org.br\\\/numar\\\/?s={search_term_string}\"},\"query-input\":{\"@type\":\"PropertyValueSpecification\",\"valueRequired\":true,\"valueName\":\"search_term_string\"}}],\"inLanguage\":\"pt-BR\"},{\"@type\":\"Organization\",\"@id\":\"https:\\\/\\\/scb.org.br\\\/numar\\\/#organization\",\"name\":\"NUMAR-SCB - N\u00facleo Maringaense da Sociedade Criacionista Brasileira\",\"url\":\"https:\\\/\\\/scb.org.br\\\/numar\\\/\",\"logo\":{\"@type\":\"ImageObject\",\"inLanguage\":\"pt-BR\",\"@id\":\"https:\\\/\\\/scb.org.br\\\/numar\\\/#\\\/schema\\\/logo\\\/image\\\/\",\"url\":\"https:\\\/\\\/scb.org.br\\\/numar\\\/wp-content\\\/uploads\\\/sites\\\/6\\\/2020\\\/05\\\/logo-1.png\",\"contentUrl\":\"https:\\\/\\\/scb.org.br\\\/numar\\\/wp-content\\\/uploads\\\/sites\\\/6\\\/2020\\\/05\\\/logo-1.png\",\"width\":248,\"height\":263,\"caption\":\"NUMAR-SCB - N\u00facleo Maringaense da Sociedade Criacionista Brasileira\"},\"image\":{\"@id\":\"https:\\\/\\\/scb.org.br\\\/numar\\\/#\\\/schema\\\/logo\\\/image\\\/\"}}]}<\/script>\n<!-- \/ Yoast SEO plugin. -->","yoast_head_json":{"title":"Simp\u00f3sio Di\u00e1logos Sobre a Origem da Vida - 2017 - NUMAR-SCB","robots":{"index":"index","follow":"follow","max-snippet":"max-snippet:-1","max-image-preview":"max-image-preview:large","max-video-preview":"max-video-preview:-1"},"canonical":"https:\/\/scb.org.br\/numar\/eventos\/simposio\/","og_locale":"pt_BR","og_type":"article","og_title":"Simp\u00f3sio Di\u00e1logos Sobre a Origem da Vida - 2017 - NUMAR-SCB","og_description":"&nbsp; \u00a0SOBRE O EVENTO \u00a0 As investiga\u00e7\u00f5es sobre a origem da vida s\u00e3o um tema crescente e atual no meio acad\u00eamico. Teorias t\u00eam sido significativamente questionadas, como a teoria da evolu\u00e7\u00e3o qu\u00edmica como proposta para a origem da vida e a poss\u00edvel ancestralidade comum entre o homem e primatas. Para promover o di\u00e1logo aberto a [&hellip;]","og_url":"https:\/\/scb.org.br\/numar\/eventos\/simposio\/","og_site_name":"NUMAR-SCB","og_image":[{"width":1500,"height":1088,"url":"https:\/\/scb.org.br\/numar\/wp-content\/uploads\/sites\/6\/2017\/01\/capa-1.jpg","type":"image\/jpeg"}],"twitter_card":"summary_large_image","twitter_misc":{"Est. tempo de leitura":"4 minutos"},"schema":{"@context":"https:\/\/schema.org","@graph":[{"@type":"WebPage","@id":"https:\/\/scb.org.br\/numar\/eventos\/simposio\/","url":"https:\/\/scb.org.br\/numar\/eventos\/simposio\/","name":"Simp\u00f3sio Di\u00e1logos Sobre a Origem da Vida - 2017 - NUMAR-SCB","isPartOf":{"@id":"https:\/\/scb.org.br\/numar\/#website"},"primaryImageOfPage":{"@id":"https:\/\/scb.org.br\/numar\/eventos\/simposio\/#primaryimage"},"image":{"@id":"https:\/\/scb.org.br\/numar\/eventos\/simposio\/#primaryimage"},"thumbnailUrl":"https:\/\/scb.org.br\/numar\/wp-content\/uploads\/sites\/6\/2017\/01\/capa-1.jpg","datePublished":"2017-01-26T18:35:52+00:00","breadcrumb":{"@id":"https:\/\/scb.org.br\/numar\/eventos\/simposio\/#breadcrumb"},"inLanguage":"pt-BR","potentialAction":[{"@type":"ReadAction","target":["https:\/\/scb.org.br\/numar\/eventos\/simposio\/"]}]},{"@type":"ImageObject","inLanguage":"pt-BR","@id":"https:\/\/scb.org.br\/numar\/eventos\/simposio\/#primaryimage","url":"https:\/\/scb.org.br\/numar\/wp-content\/uploads\/sites\/6\/2017\/01\/capa-1.jpg","contentUrl":"https:\/\/scb.org.br\/numar\/wp-content\/uploads\/sites\/6\/2017\/01\/capa-1.jpg","width":1500,"height":1088},{"@type":"BreadcrumbList","@id":"https:\/\/scb.org.br\/numar\/eventos\/simposio\/#breadcrumb","itemListElement":[{"@type":"ListItem","position":1,"name":"P\u00e1gina Inicial","item":"https:\/\/scb.org.br\/numar\/"},{"@type":"ListItem","position":2,"name":"Eventos","item":"https:\/\/scb.org.br\/numar\/eventos\/"},{"@type":"ListItem","position":3,"name":"Simp\u00f3sio Di\u00e1logos Sobre a Origem da Vida - 2017"}]},{"@type":"WebSite","@id":"https:\/\/scb.org.br\/numar\/#website","url":"https:\/\/scb.org.br\/numar\/","name":"NUMAR-SCB","description":"N\u00facleo Maringaense da Sociedade Criacionista Brasileira","publisher":{"@id":"https:\/\/scb.org.br\/numar\/#organization"},"potentialAction":[{"@type":"SearchAction","target":{"@type":"EntryPoint","urlTemplate":"https:\/\/scb.org.br\/numar\/?s={search_term_string}"},"query-input":{"@type":"PropertyValueSpecification","valueRequired":true,"valueName":"search_term_string"}}],"inLanguage":"pt-BR"},{"@type":"Organization","@id":"https:\/\/scb.org.br\/numar\/#organization","name":"NUMAR-SCB - N\u00facleo Maringaense da Sociedade Criacionista Brasileira","url":"https:\/\/scb.org.br\/numar\/","logo":{"@type":"ImageObject","inLanguage":"pt-BR","@id":"https:\/\/scb.org.br\/numar\/#\/schema\/logo\/image\/","url":"https:\/\/scb.org.br\/numar\/wp-content\/uploads\/sites\/6\/2020\/05\/logo-1.png","contentUrl":"https:\/\/scb.org.br\/numar\/wp-content\/uploads\/sites\/6\/2020\/05\/logo-1.png","width":248,"height":263,"caption":"NUMAR-SCB - N\u00facleo Maringaense da Sociedade Criacionista Brasileira"},"image":{"@id":"https:\/\/scb.org.br\/numar\/#\/schema\/logo\/image\/"}}]}},"_links":{"self":[{"href":"https:\/\/scb.org.br\/numar\/wp-json\/wp\/v2\/pages\/650","targetHints":{"allow":["GET"]}}],"collection":[{"href":"https:\/\/scb.org.br\/numar\/wp-json\/wp\/v2\/pages"}],"about":[{"href":"https:\/\/scb.org.br\/numar\/wp-json\/wp\/v2\/types\/page"}],"author":[{"embeddable":true,"href":"https:\/\/scb.org.br\/numar\/wp-json\/wp\/v2\/users\/1080"}],"replies":[{"embeddable":true,"href":"https:\/\/scb.org.br\/numar\/wp-json\/wp\/v2\/comments?post=650"}],"version-history":[{"count":0,"href":"https:\/\/scb.org.br\/numar\/wp-json\/wp\/v2\/pages\/650\/revisions"}],"up":[{"embeddable":true,"href":"https:\/\/scb.org.br\/numar\/wp-json\/wp\/v2\/pages\/1685"}],"wp:featuredmedia":[{"embeddable":true,"href":"https:\/\/scb.org.br\/numar\/wp-json\/wp\/v2\/media\/1080"}],"wp:attachment":[{"href":"https:\/\/scb.org.br\/numar\/wp-json\/wp\/v2\/media?parent=650"}],"curies":[{"name":"wp","href":"https:\/\/api.w.org\/{rel}","templated":true}]}}